{"id":14673,"date":"2024-03-15T13:21:53","date_gmt":"2024-03-15T13:21:53","guid":{"rendered":"https:\/\/www.gsccanarias.com\/gsc\/?page_id=14673"},"modified":"2026-04-27T05:59:57","modified_gmt":"2026-04-27T05:59:57","slug":"organizativa","status":"publish","type":"page","link":"https:\/\/www.gsccanarias.com\/gsc\/transparencia\/organizativa\/","title":{"rendered":"Organizativa"},"content":{"rendered":"<p>[vc_row css_animation=\u00bb\u00bb row_type=\u00bbrow\u00bb use_row_as_full_screen_section=\u00bbno\u00bb type=\u00bbgrid\u00bb angled_section=\u00bbno\u00bb text_align=\u00bbleft\u00bb background_image_as_pattern=\u00bbwithout_pattern\u00bb z_index=\u00bb\u00bb css=\u00bb.vc_custom_1650438477412{background-color: #ede8e5 !important;}\u00bb el_id=\u00bbdatosBasicos\u00bb][vc_column width=\u00bb1\/3&#8243; offset=\u00bbvc_col-lg-3&#8243;][vc_empty_space height=\u00bb100px\u00bb][vc_column_text][\/vc_column_text][vc_empty_space height=\u00bb50px\u00bb][vc_widget_sidebar sidebar_id=\u00bbMenu transparencia\u00bb][\/vc_column][vc_column width=\u00bb2\/3&#8243; offset=\u00bbvc_col-lg-9&#8243;][vc_row_inner row_type=\u00bbrow\u00bb type=\u00bbfull_width\u00bb text_align=\u00bbleft\u00bb css_animation=\u00bb\u00bb][vc_column_inner offset=\u00bbvc_hidden-xs\u00bb][vc_empty_space height=\u00bb100px\u00bb][\/vc_column_inner][vc_column_inner offset=\u00bbvc_hidden-lg vc_hidden-md vc_hidden-sm\u00bb][vc_empty_space height=\u00bb50px\u00bb][\/vc_column_inner][\/vc_row_inner][vc_column_text]<\/p>\n<h2><span style=\"color: #003366;\"><strong>Datos b\u00e1sicos<\/strong><\/span><\/h2>\n<p>[\/vc_column_text][vc_empty_space height=\u00bb50px\u00bb][vc_column_text]Sociedad an\u00f3nima unipersonal.<\/p>\n<p><strong>Fecha de constituci\u00f3n y modificaci\u00f3n:<\/strong><\/p>\n<p><strong>Constituci\u00f3n:<\/strong> 30 de septiembre de 1994.<\/p>\n<p><strong>Modificaci\u00f3n de objeto social:<\/strong> 6 de abril de 2021.<\/p>\n<p><strong>Modificaci\u00f3n de la denominaci\u00f3n social (Gesti\u00f3n de Servicios para la Salud y Seguridad en Canarias):<\/strong> 13 de febrero de 2025.<\/p>\n<p><strong>Accionariado:<\/strong> 100% p\u00fablico del Gobierno de Canarias.<\/p>\n<p><strong>Capital Social:<\/strong> 474.360,81\u20ac euros.[\/vc_column_text][vc_empty_space height=\u00bb50px\u00bb][vc_row_inner row_type=\u00bbrow\u00bb type=\u00bbfull_width\u00bb text_align=\u00bbleft\u00bb css_animation=\u00bb\u00bb][vc_column_inner width=\u00bb1\/2&#8243;][vc_column_text]<strong>A\u00f1o 1994 Escritura de Constituci\u00f3n de la empresa.<\/strong>[\/vc_column_text][vc_empty_space height=\u00bb5px\u00bb]<a  itemprop=\"url\" href=\"https:\/\/www.gsccanarias.com\/gsc\/wp-content\/uploads\/2022\/01\/A1994EscrituraConstitucionEmpresa.pdf\" target=\"_blank\" data-hover-background-color='#1c4f86' data-hover-border-color='#1c4f86' data-hover-color='#ffffff' class=\"qbutton  medium default\" style=\"color: #1c4f86; border-color: #1c4f86; background-color: #ffffff;\">Descargar A\u00f1o 1994<i class=\"qode_icon_font_awesome fa fa-download qode_button_icon_element\" style=\"\" ><\/i><\/a>[vc_empty_space height=\u00bb15px\u00bb][vc_column_text]<strong>A\u00f1o 2004 Escritura Refundici\u00f3n Estatutos Sociales.<\/strong>[\/vc_column_text][vc_empty_space height=\u00bb5px\u00bb]<a  itemprop=\"url\" href=\"https:\/\/www.gsccanarias.com\/gsc\/wp-content\/uploads\/2022\/01\/A2004EscrituraRefundicionEstatutosSociales.pdf\" target=\"_blank\" data-hover-background-color='#1c4f86' data-hover-border-color='#1c4f86' data-hover-color='#ffffff' class=\"qbutton  medium default\" style=\"color: #1c4f86; border-color: #1c4f86; background-color: #ffffff;\">Descargar A\u00f1o 2004<i class=\"qode_icon_font_awesome fa fa-download qode_button_icon_element\" style=\"\" ><\/i><\/a>[vc_empty_space height=\u00bb15px\u00bb][vc_column_text]<strong>A\u00f1o 2008 Escritura Modificaci\u00f3n Estatutos Sociales.<\/strong>[\/vc_column_text][vc_empty_space height=\u00bb5px\u00bb]<a  itemprop=\"url\" href=\"https:\/\/www.gsccanarias.com\/gsc\/wp-content\/uploads\/2022\/01\/A2008EscrituraModificacionEstatutosSociales.pdf\" target=\"_blank\" data-hover-background-color='#1c4f86' data-hover-border-color='#1c4f86' data-hover-color='#ffffff' class=\"qbutton  medium default\" style=\"color: #1c4f86; border-color: #1c4f86; background-color: #ffffff;\">Descargar A\u00f1o 2008<i class=\"qode_icon_font_awesome fa fa-download qode_button_icon_element\" style=\"\" ><\/i><\/a>[vc_empty_space height=\u00bb15px\u00bb][\/vc_column_inner][vc_column_inner width=\u00bb1\/2&#8243;][vc_column_text]<strong>A\u00f1o 2012 Escritura Cambio de Domicilio Social.<\/strong>[\/vc_column_text][vc_empty_space height=\u00bb5px\u00bb]<a  itemprop=\"url\" href=\"https:\/\/www.gsccanarias.com\/gsc\/wp-content\/uploads\/2022\/01\/A2012EscrituraCambioDomicilioSocial.pdf\" target=\"_blank\" data-hover-background-color='#1c4f86' data-hover-border-color='#1c4f86' data-hover-color='#ffffff' class=\"qbutton  medium default\" style=\"color: #1c4f86; border-color: #1c4f86; background-color: #ffffff;\">Descargar A\u00f1o 2012<i class=\"qode_icon_font_awesome fa fa-download qode_button_icon_element\" style=\"\" ><\/i><\/a>[vc_empty_space height=\u00bb15px\u00bb][vc_column_text]<strong>A\u00f1o 2015 Escritura Reducci\u00f3n de Capital.<\/strong>[\/vc_column_text][vc_empty_space height=\u00bb5px\u00bb]<a  itemprop=\"url\" href=\"https:\/\/www.gsccanarias.com\/gsc\/wp-content\/uploads\/2022\/01\/A2015EscrituraReduccionCapital.pdf\" target=\"_blank\" data-hover-background-color='#1c4f86' data-hover-border-color='#1c4f86' data-hover-color='#ffffff' class=\"qbutton  medium default\" style=\"color: #1c4f86; border-color: #1c4f86; background-color: #ffffff;\">Descargar A\u00f1o 2015<i class=\"qode_icon_font_awesome fa fa-download qode_button_icon_element\" style=\"\" ><\/i><\/a>[vc_empty_space height=\u00bb15px\u00bb][vc_column_text]<strong>A\u00f1o 2021 Escrituras 1.025 y 2.245 Modificaci\u00f3n Estatutaria Medio Propio.<\/strong>[\/vc_column_text][vc_empty_space height=\u00bb5px\u00bb]<a  itemprop=\"url\" href=\"https:\/\/www.gsccanarias.com\/gsc\/wp-content\/uploads\/2022\/01\/A2021Escritura-no-1.025-y-no-2.245-Modificacio\u0301n-Estatutaria-Medio-Propio.pdf\" target=\"_blank\" data-hover-background-color='#1c4f86' data-hover-border-color='#1c4f86' data-hover-color='#ffffff' class=\"qbutton  medium default\" style=\"color: #1c4f86; border-color: #1c4f86; background-color: #ffffff;\">Descargar A\u00f1o 2021<i class=\"qode_icon_font_awesome fa fa-download qode_button_icon_element\" style=\"\" ><\/i><\/a>[vc_empty_space height=\u00bb15px\u00bb][vc_column_text]<strong>A\u00f1o 2025 Escritura Cambio de Domicilio Social.<\/strong>[\/vc_column_text][vc_empty_space height=\u00bb5px\u00bb]<a  itemprop=\"url\" href=\"https:\/\/www.gsccanarias.com\/gsc\/wp-content\/uploads\/2025\/03\/Escritura_215_Modificacion_Domicilio_Social.pdf\" target=\"_blank\" data-hover-background-color='#1c4f86' data-hover-border-color='#1c4f86' data-hover-color='#ffffff' class=\"qbutton  medium default\" style=\"color: #1c4f86; border-color: #1c4f86; background-color: #ffffff;\">Descargar A\u00f1o 2025<i class=\"qode_icon_font_awesome fa fa-download qode_button_icon_element\" style=\"\" ><\/i><\/a>[\/vc_column_inner][\/vc_row_inner][vc_empty_space height=\u00bb100px\u00bb][\/vc_column][\/vc_row][vc_row css_animation=\u00bb\u00bb row_type=\u00bbrow\u00bb use_row_as_full_screen_section=\u00bbno\u00bb type=\u00bbfull_width\u00bb angled_section=\u00bbno\u00bb text_align=\u00bbleft\u00bb background_image_as_pattern=\u00bbwithout_pattern\u00bb][vc_column][vc_column_text]<\/p>\n<p>&nbsp;<\/p>\n<p>&nbsp;<\/p>\n<p>[\/vc_column_text][\/vc_column][\/vc_row][vc_row css_animation=\u00bb\u00bb row_type=\u00bbrow\u00bb use_row_as_full_screen_section=\u00bbno\u00bb type=\u00bbgrid\u00bb angled_section=\u00bbno\u00bb text_align=\u00bbleft\u00bb background_image_as_pattern=\u00bbwithout_pattern\u00bb z_index=\u00bb\u00bb][vc_column el_id=\u00bborganigrama\u00bb][vc_empty_space height=\u00bb100px\u00bb][vc_column_text]<\/p>\n<h2>Organigrama<\/h2>\n<p>[\/vc_column_text][vc_empty_space height=\u00bb50px\u00bb][\/vc_column][\/vc_row][vc_row css_animation=\u00bb\u00bb row_type=\u00bbrow\u00bb use_row_as_full_screen_section=\u00bbno\u00bb type=\u00bbgrid\u00bb angled_section=\u00bbno\u00bb text_align=\u00bbleft\u00bb background_image_as_pattern=\u00bbwithout_pattern\u00bb z_index=\u00bb\u00bb][vc_column][vc_accordion active_tab=\u00bb0&#8243; collapsible=\u00bbyes\u00bb style=\u00bbboxed_toggle\u00bb][vc_accordion_tab title=\u00bbDirecci\u00f3n Gerencia\u00bb title_color=\u00bb#ffffff\u00bb background_color=\u00bb#13385e\u00bb][vc_column_text]La Direcci\u00f3n Gerencia tiene adscritas tres unidades que se encargan de dar soporte a todas las divisiones de la empresa:<\/p>\n<ul>\n<li>Unidad de R\u00e9gimen Jur\u00eddico y Contrataci\u00f3n<\/li>\n<li>Unidad de Comunicaci\u00f3n e Imagen<\/li>\n<li>Unidad de Tecnolog\u00eda de la Informaci\u00f3n y la Comunicaci\u00f3n<\/li>\n<\/ul>\n<p>La Direcci\u00f3n Gerencia tambi\u00e9n asume la direcci\u00f3n de la Unidad de Atenci\u00f3n Personalizada.[\/vc_column_text][\/vc_accordion_tab][\/vc_accordion][\/vc_column][\/vc_row][vc_row css_animation=\u00bb\u00bb row_type=\u00bbrow\u00bb use_row_as_full_screen_section=\u00bbno\u00bb type=\u00bbfull_width\u00bb angled_section=\u00bbno\u00bb text_align=\u00bbleft\u00bb background_image_as_pattern=\u00bbwithout_pattern\u00bb][vc_column][vc_empty_space height=\u00bb30px\u00bb][\/vc_column][\/vc_row][vc_row css_animation=\u00bb\u00bb row_type=\u00bbrow\u00bb use_row_as_full_screen_section=\u00bbno\u00bb type=\u00bbgrid\u00bb angled_section=\u00bbno\u00bb text_align=\u00bbleft\u00bb background_image_as_pattern=\u00bbwithout_pattern\u00bb z_index=\u00bb\u00bb][vc_column width=\u00bb5\/12&#8243;][vc_accordion active_tab=\u00bb0&#8243; style=\u00bbboxed_toggle\u00bb el_class=\u00bbborde\u00bb][vc_accordion_tab title=\u00bbUnidad de Apoyo Gerencial\u00bb title_color=\u00bb#ffffff\u00bb background_color=\u00bb#6783a8&#8243;][vc_column_text]<span data-olk-copy-source=\"MessageBody\">Esta unidad tiene atribuidas las funciones de apoyo en la toma de decisiones de la Direcci\u00f3n Gerencia, la gesti\u00f3n administrativa y documental de este departamento, as\u00ed como la coordinaci\u00f3n de agenda y de eventos y la comunicaci\u00f3n interna y externa con el resto de las unidades organizativas de la empresa, entre otras.<\/span><\/p>\n<p><span data-olk-copy-source=\"MessageBody\">Adem\u00e1s, esta unidad gestiona el <strong>Servicio de Atenci\u00f3n Personalizada<\/strong> que es el responsable de la atenci\u00f3n al usuario en la tramitaci\u00f3n de sus reclamaciones, certificados de asistencia, sugerencias y felicitaciones y el <strong>Servicio de Farmacovigilancia<\/strong> que se encarga de la difusi\u00f3n del Programa de Farmacovigilancia, as\u00ed como de la realizaci\u00f3n de acciones formativas, participaci\u00f3n en grupos de trabajo de comit\u00e9s t\u00e9cnicos y de la gesti\u00f3n de se\u00f1ales.<\/span>[\/vc_column_text][\/vc_accordion_tab][\/vc_accordion][\/vc_column][vc_column width=\u00bb2\/12&#8243; offset=\u00bbvc_hidden-xs\u00bb][vc_column_text][\/vc_column_text][\/vc_column][vc_column width=\u00bb5\/12&#8243;][vc_accordion active_tab=\u00bb0&#8243; style=\u00bbboxed_toggle\u00bb el_class=\u00bbborde\u00bb][vc_accordion_tab title=\u00bbUnidad de R\u00e9gimen Jur\u00eddico y Contrataci\u00f3n\u00bb][vc_column_text]Esta unidad tiene atribuidas las funciones b\u00e1sicas de asesoramiento jur\u00eddico, control de expedientes judiciales, elaboraci\u00f3n de convenios y contratos, custodia de documentaci\u00f3n, elaboraci\u00f3n y seguimiento de bases de concurrencia o la tramitaci\u00f3n de seguros internos de la empresa, entre otras muchas tareas.[\/vc_column_text][\/vc_accordion_tab][vc_accordion_tab title=\u00bbUnidad de Comunicaci\u00f3n e Imagen Corporativa\u00bb][vc_column_text]Esta Unidad lleva a cabo la gesti\u00f3n de la comunicaci\u00f3n interna y externa de la empresa y sus l\u00edneas de producto. Los t\u00e9cnicos de la Unidad de Comunicaci\u00f3n e Imagen Corporativa se encargan de la atenci\u00f3n a los medios de comunicaci\u00f3n, el env\u00edo de notas de prensa y la organizaci\u00f3n de ruedas informativas, la gesti\u00f3n de las redes sociales y de contenidos de las p\u00e1ginas web, as\u00ed como de la gesti\u00f3n, coordinaci\u00f3n y recepci\u00f3n de visitas y actividades de promoci\u00f3n en congresos, ferias, etc.\u00a0Dentro de la comunicaci\u00f3n interna, se encuadra la elaboraci\u00f3n del bolet\u00edn mensual de la empresa y de la memoria anual, as\u00ed como la supervisi\u00f3n de la aplicaci\u00f3n de la identidad corporativa, tanto de GSC como de sus divisiones.[\/vc_column_text][\/vc_accordion_tab][vc_accordion_tab title=\u00bbUnidad de Tecnolog\u00eda de la Informaci\u00f3n y la Comunicaci\u00f3n\u00bb][vc_column_text]Es la unidad responsable del mantenimiento de la infraestructura tecnol\u00f3gica de la empresa. Sus actividades se centran en la ejecuci\u00f3n de un plan de chequeos preventivos, el asesoramiento sobre suscripci\u00f3n de contratos de mantenimiento, la resoluci\u00f3n de aver\u00edas eventuales, la aportaci\u00f3n de datos estad\u00edsticos como soporte a la adopci\u00f3n de decisiones, as\u00ed como la investigaci\u00f3n e implantaci\u00f3n de nuevos sistemas tecnol\u00f3gicos para dar cobertura a las necesidades de servicio.[\/vc_column_text][vc_empty_space height=\u00bb30px\u00bb][\/vc_accordion_tab][\/vc_accordion][\/vc_column][\/vc_row][vc_row css_animation=\u00bb\u00bb row_type=\u00bbrow\u00bb use_row_as_full_screen_section=\u00bbno\u00bb type=\u00bbfull_width\u00bb angled_section=\u00bbno\u00bb text_align=\u00bbleft\u00bb background_image_as_pattern=\u00bbwithout_pattern\u00bb][vc_column][vc_empty_space height=\u00bb30px\u00bb][\/vc_column][\/vc_row][vc_row css_animation=\u00bb\u00bb row_type=\u00bbrow\u00bb use_row_as_full_screen_section=\u00bbno\u00bb type=\u00bbgrid\u00bb angled_section=\u00bbno\u00bb text_align=\u00bbleft\u00bb background_image_as_pattern=\u00bbwithout_pattern\u00bb z_index=\u00bb\u00bb][vc_column offset=\u00bbvc_hidden-xs\u00bb][vc_separator type=\u00bbnormal\u00bb color=\u00bb#ede8e5&#8243; thickness=\u00bb10&#8243;][\/vc_column][\/vc_row][vc_row css_animation=\u00bb\u00bb row_type=\u00bbrow\u00bb use_row_as_full_screen_section=\u00bbno\u00bb type=\u00bbgrid\u00bb angled_section=\u00bbno\u00bb text_align=\u00bbleft\u00bb background_image_as_pattern=\u00bbwithout_pattern\u00bb z_index=\u00bb\u00bb][vc_column width=\u00bb1\/4&#8243;][vc_empty_space height=\u00bb50px\u00bb][vc_accordion active_tab=\u00bb0&#8243; style=\u00bbboxed_toggle\u00bb][vc_accordion_tab title=\u00bbDIVISI\u00d3N CECOES 112&#8243; background_color=\u00bb#3a5d8e\u00bb title_color=\u00bb#ffffff\u00bb][vc_column_text]El Centro Coordinador de Emergencias y Seguridad CECOES 112 es un servicio p\u00fablico gratuito que da respuesta las 24 horas, los 365 d\u00edas del a\u00f1o, a todas las llamadas de emergencia que se producen en las islas, gestiona los recursos que existen en el Archipi\u00e9lago en el \u00e1mbito de las emergencias y permite que cualquier alerta, ya sea sanitaria, de seguridad, de salvamento, extinci\u00f3n o rescate, pueda ser gestionada de una forma integral.<\/p>\n<p>Con la creaci\u00f3n de este servicio en 1998 el Archipi\u00e9lago se integra en el Sistema Europeo de Atenci\u00f3n de Urgencias y Emergencias, cumpliendo as\u00ed la Decisi\u00f3n de la Uni\u00f3n Europea 396\/1991 por la que se recomendaba a los Estados miembros la puesta en marcha de un \u00fanico n\u00famero de tel\u00e9fono, el 112, para acceder a todos los servicios de urgencia de cada uno de los pa\u00edses comunitarios.[\/vc_column_text][\/vc_accordion_tab][\/vc_accordion][vc_column_text el_class=\u00bbdisplayNone\u00bb]<img loading=\"lazy\" decoding=\"async\" class=\"wp-image-337 aligncenter\" src=\"https:\/\/www.gsccanarias.com\/gsc\/wp-content\/uploads\/2022\/01\/flecha-1.svg\" alt=\"\" width=\"38\" height=\"65\" \/>[\/vc_column_text][vc_empty_space height=\u00bb15px\u00bb][vc_accordion active_tab=\u00bb0&#8243; style=\u00bbboxed_toggle\u00bb el_class=\u00bbborde\u00bb][vc_accordion_tab title=\u00bbUnidades de Coordinaci\u00f3n de las Salas Operativas de Santa Cruz de Tenerife y Las Palmas de Gran Canaria\u00bb background_color=\u00bb#ffffff\u00bb][vc_column_text]EL 112 cuenta con dos salas operativas, ubicadas en Santa Cruz de Tenerife y Las Palmas de Gran Canaria, que funcionan como un solo centro coordinador. De esta forma, cada una de ellas puede asumir de forma inmediata, en caso necesario, la gesti\u00f3n de todos los incidentes que se registren en el Archipi\u00e9lago.<\/p>\n<p>La actuaci\u00f3n y trabajo conjunto de un equipo formado por m\u00e1s de 200 profesionales, entre operadores y gestores de demanda, gestores de recursos, gestores operativos y t\u00e9cnicos sectoriales, bajo la supervisi\u00f3n del coordinador multisectorial, garantiza una correcta organizaci\u00f3n para dar respuesta a las demandas y coordinar las actuaciones para abordar incidentes rutinarios o no rutinarios.<\/p>\n<p>En estas salas est\u00e1n tambi\u00e9n integradas las <strong>t\u00e9cnicas de Atenci\u00f3n a Mujeres V\u00edctimas de Violencia.<\/strong>[\/vc_column_text][\/vc_accordion_tab][vc_accordion_tab title=\u00bbUnidad de Planificaci\u00f3n y Procedimentaci\u00f3n Operativa\u00bb title_color=\u00bb#ffffff\u00bb background_color=\u00bb#6783a8&#8243;][vc_column_text]La funci\u00f3n de esta unidad se centra en la planificaci\u00f3n de planes de emergencia y autoprotecci\u00f3n, la gesti\u00f3n del sistema de informaci\u00f3n geogr\u00e1fica (GIS) del CECOES 112, la realizaci\u00f3n de tareas de protecci\u00f3n civil y la elaboraci\u00f3n de \u00a0procedimientos operativos y respuestas protocolizadas.[\/vc_column_text][\/vc_accordion_tab][vc_accordion_tab title=\u00bbUnidad de Seguridad y de Protecci\u00f3n a las Infraestructuras Cr\u00edticas\u00bb][vc_column_text]La funci\u00f3n principal de esta unidad radica en asegurar la funci\u00f3n de las infraestructuras cr\u00edticas, as\u00ed como la continuidad e integridad de estas, cuyo fin es la prevenci\u00f3n, paliaci\u00f3n y neutralizaci\u00f3n del da\u00f1o que puede ser causado por un ataque deliberado contra las citadas infraestructuras.[\/vc_column_text][\/vc_accordion_tab][vc_accordion_tab title=\u00bbUnidad de An\u00e1lisis de Riesgos y Planificaci\u00f3n Operativa\u00bb][vc_column_text]<span data-olk-copy-source=\"MessageBody\">Esta unidad tiene como principal funci\u00f3n no solo el an\u00e1lisis de riesgos meteorol\u00f3gicos, sino tambi\u00e9n la evaluaci\u00f3n y respuesta ante fen\u00f3menos naturales extremos, el riesgo volc\u00e1nico o el forestal, y los complejos desaf\u00edos derivados de las emergencias vinculadas a la tecnolog\u00eda y las infraestructuras p\u00fablicas. Presta adem\u00e1s apoyo y asistencia para la gesti\u00f3n de emergencias de protecci\u00f3n civil de gran escala.<\/span>[\/vc_column_text][\/vc_accordion_tab][vc_accordion_tab title=\u00bbServicio de Atenci\u00f3n a la Mujer V\u00edctima de Violencia (SAMVV)\u00bb][vc_column_text]Servicio especializado en violencia de g\u00e9nero, integrado en el 112, que se presta en todo el archipi\u00e9lago, durante todo el a\u00f1o las 24 horas del d\u00eda ante situaciones de urgencia y emergencia. Igualmente atiende llamadas de consulta y coordina con centros y organismos institucionales una adecuada intervenci\u00f3n en los casos de violencias contra las mujeres.<\/p>\n<p>El SAMVV informa de sus derechos a las mujeres v\u00edctimas de violencia de g\u00e9nero y se les asesorara de los recursos especializados disponibles y de la activaci\u00f3n del DEMA (Dispositivo de Emergencias para las Mujeres Agredidas) para las mujeres que lo necesiten. De igual modo, si es preciso, indica la activaci\u00f3n de los servicios sanitarios, policiales y\/o sociales que sean necesarios para dar una respuesta coordinada, clara y eficaz a \u00a0las mujeres, familiares, ciudadan\u00eda e instituciones que se acercan a este servicio.[\/vc_column_text][\/vc_accordion_tab][\/vc_accordion][vc_empty_space height=\u00bb15px\u00bb][vc_column_text]<\/p>\n<p><strong>\u00a0<\/strong>[\/vc_column_text][\/vc_column][vc_column width=\u00bb1\/4&#8243;][vc_empty_space height=\u00bb50px\u00bb][vc_accordion active_tab=\u00bb0&#8243; style=\u00bbboxed_toggle\u00bb][vc_accordion_tab title=\u00bbDIVISI\u00d3N REGIONAL DEL SERVICIO DE URGENCIAS CANARIO\u00bb title_color=\u00bb#ffffff\u00bb background_color=\u00bb#4e6d96&#8243;][vc_column_text]A trav\u00e9s de la alerta recibida en el 112, se movilizan de forma r\u00e1pida y eficaz los recursos necesarios para atender a aquellas personas que ya sea por enfermedad, accidente u otra causa, necesiten asistencia sanitaria en el lugar del incidente o durante su traslado a un centro sanitario.<\/p>\n<p>Los coordinadores sanitarios presentes permanentemente en el Centro Coordinador, determina el env\u00edo de los recursos adecuados para cada caso y ofrece, si es necesario, teleasistencia, es decir da instrucciones de actuaci\u00f3n hasta la llegada de los recursos o durante el traslado de los pacientes al centro hospitalario elegido. Mientras, un gestor de recursos sanitarios realiza un seguimiento continuo de la intervenci\u00f3n de los veh\u00edculos asignados, lo que permite al SUC conocer en todo momento la disponibilidad de su flota para su mejor optimizaci\u00f3n.[\/vc_column_text][\/vc_accordion_tab][\/vc_accordion][vc_empty_space height=\u00bb15px\u00bb][vc_column_text]<strong>Santa Cruz de Tenerife<\/strong>[\/vc_column_text][vc_accordion active_tab=\u00bb0&#8243; style=\u00bbboxed_toggle\u00bb el_class=\u00bbborde\u00bb][vc_accordion_tab title=\u00bbUnidad de Coordinaci\u00f3n Operativa y Asistencial TFE\u00bb title_color=\u00bb#ffffff\u00bb background_color=\u00bb#4e6d96&#8243;][vc_column_text]Esta unidad se ocupa de coordinar el trabajo del personal del SUC en las salas operativas y en los recursos m\u00f3viles del transporte sanitario urgente.<br aria-hidden=\"true\" \/>En este sentido, establece los protocolos de actuaci\u00f3n a seguir ante un incidente y supervisa su cumplimiento, tanto desde el sector SUC de las salas operativas, donde trabajan coordinadores sanitarios y gestores de recursos, como desde los recursos activados donde intervienen t\u00e9cnicos sanitarios y profesionales de la medicina y la enfermer\u00eda.[\/vc_column_text][\/vc_accordion_tab][vc_accordion_tab title=\u00bbUnidad de Recursos y Log\u00edstica TFE\u00bb][vc_column_text]La Unidad de Recursos y Log\u00edstica se ocupa de garantizar la operatividad y buen funcionamiento de todos los recursos m\u00f3viles del SUC, tanto de las ambulancias (soporte vital b\u00e1sico, sanitarizadas y medicalizadas) como del avi\u00f3n y helic\u00f3pteros medicalizados, as\u00ed como de supervisar el equipamiento material con el que cuenta, tanto de electromedicina como de otro tipo.<\/p>\n<p>Adem\u00e1s, estas unidad se ocupa de toda la log\u00edstica del material de cat\u00e1strofe y formativo del SUC.[\/vc_column_text][\/vc_accordion_tab][\/vc_accordion][vc_column_text]<strong>Las Palmas<\/strong>[\/vc_column_text][vc_empty_space height=\u00bb15px\u00bb][vc_accordion active_tab=\u00bb0&#8243; style=\u00bbboxed_toggle\u00bb el_class=\u00bbborde\u00bb][vc_accordion_tab title=\u00bbUnidad de Coordinaci\u00f3n Operativa y Asistencial LPA\u00bb title_color=\u00bb#ffffff\u00bb background_color=\u00bb#4e6d96&#8243;][vc_column_text]Esta unidad se ocupa de coordinar el trabajo del personal del SUC en las salas operativas y en los recursos m\u00f3viles del transporte sanitario urgente.<br aria-hidden=\"true\" \/>En este sentido, establece los protocolos de actuaci\u00f3n a seguir ante un incidente y supervisa su cumplimiento, tanto desde el sector SUC de las salas operativas, donde trabajan coordinadores sanitarios y gestores de recursos, como desde los recursos activados donde intervienen t\u00e9cnicos sanitarios y profesionales de la medicina y la enfermer\u00eda.[\/vc_column_text][\/vc_accordion_tab][vc_accordion_tab title=\u00bbUnidad de Recursos y Log\u00edstica LPA\u00bb][vc_column_text]<\/p>\n<p data-ogsb=\"white\"><span data-ogsc=\"rgb(56, 56, 56)\" data-ogsb=\"white\">La Unidad de Recursos y Log\u00edstica se ocupa de garantizar la operatividad y buen funcionamiento de todos los recursos m\u00f3viles del SUC, tanto de las ambulancias (soporte vital b\u00e1sico, sanitarizadas y medicalizadas) como del avi\u00f3n y helic\u00f3pteros medicalizados, as\u00ed como de supervisar el equipamiento material con el que cuentan, tanto de electromedicina como de otro tipo.<\/span><\/p>\n<p data-ogsb=\"white\"><span data-ogsc=\"rgb(56, 56, 56)\" data-ogsb=\"white\">Adem\u00e1s, esta unidad se ocupa de toda la log\u00edstica del material de cat\u00e1strofe y formativo del SUC.<\/span><\/p>\n<p>[\/vc_column_text][\/vc_accordion_tab][\/vc_accordion][vc_empty_space height=\u00bb15px\u00bb][vc_accordion active_tab=\u00bb0&#8243; style=\u00bbboxed_toggle\u00bb el_class=\u00bbborde\u00bb][vc_accordion_tab title=\u00bbUnidad Regional de Transporte Sanitario No Urgente (MTSNU)\u00bb title_color=\u00bb#ffffff\u00bb background_color=\u00bb#4e6d96&#8243;][vc_column_text]Esta unidad gestiona el Transporte Sanitario no Urgente (TSNU) que comprende aquellos servicios de traslado de pacientes solicitados tras la valoraci\u00f3n por un facultativo del Servicio Canario de Salud (SCS) que, debido a la situaci\u00f3n cl\u00ednica o a la imposibilidad f\u00edsica de los mismos, no puedan hacer uso de medios ordinarios de transporte. Adem\u00e1s, sus circunstancias no deben prever la necesidad de asistencia sanitaria en el trayecto, bien para acceder a los centros del sistema sanitario del SCS (o concertados) o para regresar a su domicilio tras recibir asistencia sanitaria. El criterio de indicaci\u00f3n del traslado se debe ajustar a razones de \u00edndole exclusivamente sanitaria.[\/vc_column_text][\/vc_accordion_tab][\/vc_accordion][\/vc_column][vc_column width=\u00bb1\/4&#8243;][vc_empty_space height=\u00bb50px\u00bb][vc_accordion active_tab=\u00bb0&#8243; style=\u00bbboxed_toggle\u00bb][vc_accordion_tab title=\u00bbDIVISI\u00d3N ECON\u00d3MICA , CONTROL Y DE SERVICIOS GENERALES\u00bb title_color=\u00bb#ffffff\u00bb background_color=\u00bb#617ca1&#8243;][vc_column_text]Entre las funciones generales de esta divisi\u00f3n se encuentra el control y ejecuci\u00f3n del presupuesto de su divisi\u00f3n y supervisi\u00f3n de la ejecuci\u00f3n presupuestaria del conjunto de la empresa; la planificaci\u00f3n de los recursos empresariales, as\u00ed como la integraci\u00f3n y desarrollo de las herramientas de gesti\u00f3n precisas para la mejor eficiencia de la gesti\u00f3n global de la empresa; la cumplimentaci\u00f3n de cuantos informes, memorias, declaraciones u otros requerimientos sean de obligado cumplimiento para la empresa en relaci\u00f3n con cualquiera otra empresa o administraci\u00f3n p\u00fablica y la elaboraci\u00f3n y \/ o supervisi\u00f3n de estudios e informes econ\u00f3micos requeridos en los procesos de contrataci\u00f3n y licitaci\u00f3n.<\/p>\n<p>Su actividad se puede centrar en la gesti\u00f3n de tres grandes \u00e1reas:[\/vc_column_text][\/vc_accordion_tab][\/vc_accordion][vc_column_text el_class=\u00bbdisplayNone\u00bb]<img loading=\"lazy\" decoding=\"async\" class=\"wp-image-337 aligncenter\" src=\"https:\/\/www.gsccanarias.com\/gsc\/wp-content\/uploads\/2022\/01\/flecha-1.svg\" alt=\"\" width=\"38\" height=\"65\" \/>[\/vc_column_text][vc_empty_space height=\u00bb15px\u00bb][vc_accordion active_tab=\u00bb0&#8243; style=\u00bbboxed_toggle\u00bb el_class=\u00bbborde\u00bb][vc_accordion_tab title=\u00bbUnidad de Gesti\u00f3n Econ\u00f3mica y Auditor\u00eda\u00bb background_color=\u00bb#ffffff\u00bb][vc_column_text]La unidad de Gesti\u00f3n Econ\u00f3mica y Auditor\u00eda trabaja en la ordenaci\u00f3n, seguimiento y control de la contabilidad general de la empresa y en la gesti\u00f3n de pagos, seguimiento y supervisi\u00f3n de la tesorer\u00eda de GSC, entre otras cuestiones.[\/vc_column_text][\/vc_accordion_tab][vc_accordion_tab title=\u00bbUnidad de Control y Servicios Generales\u00bb][vc_column_text]La Unidad de Gesti\u00f3n y Compras asume las actividades relacionadas con los servicios centrales y el control interno de la empresa; se ocupa de la gesti\u00f3n de compras en los distintos niveles y realiza estudios e informes econ\u00f3micos para la formalizaci\u00f3n de contratos de cualquier tipo de compras o prestaci\u00f3n de servicios, entre otros aspectos.[\/vc_column_text][\/vc_accordion_tab][vc_accordion_tab title=\u00bbUnidad de Recaudaci\u00f3n y Facturaci\u00f3n\u00bb title_color=\u00bb#ffffff\u00bb background_color=\u00bb#6783a8&#8243;][vc_column_text]La unidad de Recaudaci\u00f3n y Facturaci\u00f3n tiene encomendadas, entre otras funciones, la emisi\u00f3n y control de los cobros de las facturas derivadas de la prestaci\u00f3n de servicios realizados por la empresa, as\u00ed como de la notificaci\u00f3n de facturas asistenciales de las diferentes unidades de Facturaci\u00f3n de los hospitales y gerencias de Atenci\u00f3n Primaria de la Comunidad Aut\u00f3noma de Canarias.[\/vc_column_text][\/vc_accordion_tab][\/vc_accordion][\/vc_column][vc_column width=\u00bb1\/4&#8243;][vc_empty_space height=\u00bb50px\u00bb][vc_accordion active_tab=\u00bb0&#8243; style=\u00bbboxed_toggle\u00bb][vc_accordion_tab title=\u00bbDIVISI\u00d3N DE RECURSOS HUMANOS\u00bb title_color=\u00bb#ffffff\u00bb background_color=\u00bb#768baa\u00bb][vc_column_text]Esta divisi\u00f3n se encarga de la selecci\u00f3n y contrataci\u00f3n del personal de la empresa p\u00fablica y fomentar las relaciones laborales.[\/vc_column_text][\/vc_accordion_tab][\/vc_accordion][vc_column_text el_class=\u00bbdisplayNone\u00bb]<img loading=\"lazy\" decoding=\"async\" class=\"wp-image-337 aligncenter\" src=\"https:\/\/www.gsccanarias.com\/gsc\/wp-content\/uploads\/2022\/01\/flecha-1.svg\" alt=\"\" width=\"38\" height=\"65\" \/>[\/vc_column_text][vc_empty_space height=\u00bb15px\u00bb][vc_accordion active_tab=\u00bb0&#8243; style=\u00bbboxed_toggle\u00bb el_class=\u00bbborde\u00bb][vc_accordion_tab title=\u00bbUnidad de N\u00f3minas y Contrataci\u00f3n\u00bb background_color=\u00bb#ffffff\u00bb][vc_column_text]La Unidad de N\u00f3minas y Contrataci\u00f3n es un \u00e1rea que se encarga de la preparaci\u00f3n, elaboraci\u00f3n, tratamiento y gesti\u00f3n administrativa de los recursos humanos de la empresa, lo que incluye, entre otras funciones, los procedimientos de selecci\u00f3n.[\/vc_column_text][\/vc_accordion_tab][vc_accordion_tab title=\u00bbUnidad de Gesti\u00f3n de Personas y Prevenci\u00f3n\u00bb title_color=\u00bb#ffffff\u00bb background_color=\u00bb#6783a8&#8243;][vc_column_text]Esta unidad se encarga de la gesti\u00f3n de personas de la empresa y de las reclamaciones, de las relaciones laborales y la prevenci\u00f3n de riesgos.[\/vc_column_text][\/vc_accordion_tab][\/vc_accordion][\/vc_column][\/vc_row][vc_row css_animation=\u00bb\u00bb row_type=\u00bbrow\u00bb use_row_as_full_screen_section=\u00bbno\u00bb type=\u00bbgrid\u00bb angled_section=\u00bbno\u00bb text_align=\u00bbleft\u00bb background_image_as_pattern=\u00bbwithout_pattern\u00bb z_index=\u00bb\u00bb][vc_column][vc_empty_space height=\u00bb100px\u00bb][vc_row_inner row_type=\u00bbrow\u00bb type=\u00bbfull_width\u00bb text_align=\u00bbleft\u00bb css_animation=\u00bb\u00bb][vc_column_inner width=\u00bb1\/2&#8243;]<a  itemprop=\"url\" href=\"https:\/\/www.gsccanarias.com\/gsc\/wp-content\/uploads\/2025\/05\/organigramagsc2025-2.pdf\" target=\"_blank\"  class=\"qbutton  large default\" style=\"\">Ver\/Descargar Organigrama GSC - pfd<i class=\"qode_icon_font_awesome fa fa-download qode_button_icon_element\" style=\"\" ><\/i><\/a>[\/vc_column_inner][vc_column_inner width=\u00bb1\/2&#8243;][\/vc_column_inner][\/vc_row_inner][vc_empty_space height=\u00bb100px\u00bb][\/vc_column][\/vc_row]<\/p>\n<div class=\"print\"><span class=\"page_title\">P\u00e1gina: <span>Organizativa<\/span><\/span>\n\t\t\t\t\t\t\t\t\t\t\t<span class=\"page_title\">Fecha de impresi\u00f3n: <span>02\/05\/2026 - 10:05:08 UTC<\/span><\/span>\n\t\t\t\t\t\t\t\t\t\t\t<span class=\"stmp_trans_date\">\u00daltima actualizaci\u00f3n: <span>27\/04\/2026 - 05:59:57<\/span><\/span>\n\t\t\t\t\t\t\t\t\t\t\t<span class=\"stmp_trans_date\">Fecha publicaci\u00f3n: <span>15\/03\/2024 - 13:21:53<\/span><\/span>\n\t\t\t\t\t\t\t\t\t\t\t<span class=\"stmp_trans_date\">Fecha creaci\u00f3n: <span>15\/03\/2024 - 13:21:53<\/span><\/span><\/div>\n\t","protected":false},"excerpt":{"rendered":"<p>[vc_row css_animation=\u00bb\u00bb row_type=\u00bbrow\u00bb use_row_as_full_screen_section=\u00bbno\u00bb type=\u00bbgrid\u00bb angled_section=\u00bbno\u00bb text_align=\u00bbleft\u00bb background_image_as_pattern=\u00bbwithout_pattern\u00bb z_index=\u00bb\u00bb css=\u00bb.vc_custom_1650438477412{background-color: #ede8e5 !important;}\u00bb el_id=\u00bbdatosBasicos\u00bb][vc_column width=\u00bb1\/3&#8243; offset=\u00bbvc_col-lg-3&#8243;][vc_empty_space height=\u00bb100px\u00bb][vc_column_text][\/vc_column_text][vc_empty_space height=\u00bb50px\u00bb][vc_widget_sidebar sidebar_id=\u00bbMenu transparencia\u00bb][\/vc_column][vc_column width=\u00bb2\/3&#8243; offset=\u00bbvc_col-lg-9&#8243;][vc_row_inner row_type=\u00bbrow\u00bb type=\u00bbfull_width\u00bb text_align=\u00bbleft\u00bb css_animation=\u00bb\u00bb][vc_column_inner offset=\u00bbvc_hidden-xs\u00bb][vc_empty_space height=\u00bb100px\u00bb][\/vc_column_inner][vc_column_inner offset=\u00bbvc_hidden-lg vc_hidden-md vc_hidden-sm\u00bb][vc_empty_space height=\u00bb50px\u00bb][\/vc_column_inner][\/vc_row_inner][vc_column_text] Datos b\u00e1sicos [\/vc_column_text][vc_empty_space height=\u00bb50px\u00bb][vc_column_text]Sociedad an\u00f3nima unipersonal. Fecha de constituci\u00f3n y modificaci\u00f3n: Constituci\u00f3n: 30 de&#8230;<\/p>\n","protected":false},"author":7,"featured_media":0,"parent":53,"menu_order":0,"comment_status":"closed","ping_status":"closed","template":"full_width.php","meta":{"footnotes":""},"class_list":["post-14673","page","type-page","status-publish","has-post-thumbnail","hentry"],"a3_pvc":{"activated":false,"total_views":0,"today_views":0},"yoast_head":"<!-- This site is optimized with the Yoast SEO plugin v27.5 - https:\/\/yoast.com\/product\/yoast-seo-wordpress\/ -->\n<title>Organizativa - GSC<\/title>\n<meta name=\"robots\" content=\"index, follow, max-snippet:-1, max-image-preview:large, max-video-preview:-1\" \/>\n<link rel=\"canonical\" href=\"https:\/\/www.gsccanarias.com\/gsc\/transparencia\/organizativa\/\" \/>\n<meta property=\"og:locale\" content=\"es_ES\" \/>\n<meta property=\"og:type\" content=\"article\" \/>\n<meta property=\"og:title\" content=\"Organizativa - GSC\" \/>\n<meta property=\"og:description\" content=\"[vc_row css_animation=\u00bb\u00bb row_type=\u00bbrow\u00bb use_row_as_full_screen_section=\u00bbno\u00bb type=\u00bbgrid\u00bb angled_section=\u00bbno\u00bb text_align=\u00bbleft\u00bb background_image_as_pattern=\u00bbwithout_pattern\u00bb z_index=\u00bb\u00bb css=\u00bb.vc_custom_1650438477412{background-color: #ede8e5 !important;}\u00bb el_id=\u00bbdatosBasicos\u00bb][vc_column width=\u00bb1\/3&#8243; offset=\u00bbvc_col-lg-3&#8243;][vc_empty_space height=\u00bb100px\u00bb][vc_column_text][\/vc_column_text][vc_empty_space height=\u00bb50px\u00bb][vc_widget_sidebar sidebar_id=\u00bbMenu transparencia\u00bb][\/vc_column][vc_column width=\u00bb2\/3&#8243; offset=\u00bbvc_col-lg-9&#8243;][vc_row_inner row_type=\u00bbrow\u00bb type=\u00bbfull_width\u00bb text_align=\u00bbleft\u00bb css_animation=\u00bb\u00bb][vc_column_inner offset=\u00bbvc_hidden-xs\u00bb][vc_empty_space height=\u00bb100px\u00bb][\/vc_column_inner][vc_column_inner offset=\u00bbvc_hidden-lg vc_hidden-md vc_hidden-sm\u00bb][vc_empty_space height=\u00bb50px\u00bb][\/vc_column_inner][\/vc_row_inner][vc_column_text] Datos b\u00e1sicos [\/vc_column_text][vc_empty_space height=\u00bb50px\u00bb][vc_column_text]Sociedad an\u00f3nima unipersonal. Fecha de constituci\u00f3n y modificaci\u00f3n: Constituci\u00f3n: 30 de...\" \/>\n<meta property=\"og:url\" content=\"https:\/\/www.gsccanarias.com\/gsc\/transparencia\/organizativa\/\" \/>\n<meta property=\"og:site_name\" content=\"GSC\" \/>\n<meta property=\"article:modified_time\" content=\"2026-04-27T05:59:57+00:00\" \/>\n<meta property=\"og:image\" content=\"https:\/\/www.gsccanarias.com\/gsc\/wp-content\/uploads\/2022\/01\/icono_Organizativa.svg\" \/>\n<meta name=\"twitter:card\" content=\"summary_large_image\" \/>\n<meta name=\"twitter:label1\" content=\"Tiempo de lectura\" \/>\n\t<meta name=\"twitter:data1\" content=\"21 minutos\" \/>\n<script type=\"application\/ld+json\" class=\"yoast-schema-graph\">{\"@context\":\"https:\\\/\\\/schema.org\",\"@graph\":[{\"@type\":\"WebPage\",\"@id\":\"https:\\\/\\\/www.gsccanarias.com\\\/gsc\\\/transparencia\\\/organizativa\\\/\",\"url\":\"https:\\\/\\\/www.gsccanarias.com\\\/gsc\\\/transparencia\\\/organizativa\\\/\",\"name\":\"Organizativa - GSC\",\"isPartOf\":{\"@id\":\"https:\\\/\\\/www.gsccanarias.com\\\/gsc\\\/#website\"},\"primaryImageOfPage\":{\"@id\":\"https:\\\/\\\/www.gsccanarias.com\\\/gsc\\\/transparencia\\\/organizativa\\\/#primaryimage\"},\"image\":{\"@id\":\"https:\\\/\\\/www.gsccanarias.com\\\/gsc\\\/transparencia\\\/organizativa\\\/#primaryimage\"},\"thumbnailUrl\":\"https:\\\/\\\/www.gsccanarias.com\\\/gsc\\\/wp-content\\\/uploads\\\/2022\\\/01\\\/icono_Organizativa.svg\",\"datePublished\":\"2024-03-15T13:21:53+00:00\",\"dateModified\":\"2026-04-27T05:59:57+00:00\",\"breadcrumb\":{\"@id\":\"https:\\\/\\\/www.gsccanarias.com\\\/gsc\\\/transparencia\\\/organizativa\\\/#breadcrumb\"},\"inLanguage\":\"es\",\"potentialAction\":[{\"@type\":\"ReadAction\",\"target\":[\"https:\\\/\\\/www.gsccanarias.com\\\/gsc\\\/transparencia\\\/organizativa\\\/\"]}]},{\"@type\":\"ImageObject\",\"inLanguage\":\"es\",\"@id\":\"https:\\\/\\\/www.gsccanarias.com\\\/gsc\\\/transparencia\\\/organizativa\\\/#primaryimage\",\"url\":\"https:\\\/\\\/www.gsccanarias.com\\\/gsc\\\/wp-content\\\/uploads\\\/2022\\\/01\\\/icono_Institucional.svg\",\"contentUrl\":\"https:\\\/\\\/www.gsccanarias.com\\\/gsc\\\/wp-content\\\/uploads\\\/2022\\\/01\\\/icono_Institucional.svg\"},{\"@type\":\"BreadcrumbList\",\"@id\":\"https:\\\/\\\/www.gsccanarias.com\\\/gsc\\\/transparencia\\\/organizativa\\\/#breadcrumb\",\"itemListElement\":[{\"@type\":\"ListItem\",\"position\":1,\"name\":\"Portada\",\"item\":\"https:\\\/\\\/www.gsccanarias.com\\\/gsc\\\/\"},{\"@type\":\"ListItem\",\"position\":2,\"name\":\"Transparencia\",\"item\":\"https:\\\/\\\/www.gsccanarias.com\\\/gsc\\\/transparencia\\\/\"},{\"@type\":\"ListItem\",\"position\":3,\"name\":\"Organizativa\"}]},{\"@type\":\"WebSite\",\"@id\":\"https:\\\/\\\/www.gsccanarias.com\\\/gsc\\\/#website\",\"url\":\"https:\\\/\\\/www.gsccanarias.com\\\/gsc\\\/\",\"name\":\"GSC\",\"description\":\"Administramos servicios relacionados con la salud, las emergencias, la seguridad y el transporte sanitario\",\"potentialAction\":[{\"@type\":\"SearchAction\",\"target\":{\"@type\":\"EntryPoint\",\"urlTemplate\":\"https:\\\/\\\/www.gsccanarias.com\\\/gsc\\\/?s={search_term_string}\"},\"query-input\":{\"@type\":\"PropertyValueSpecification\",\"valueRequired\":true,\"valueName\":\"search_term_string\"}}],\"inLanguage\":\"es\"}]}<\/script>\n<!-- \/ Yoast SEO plugin. -->","yoast_head_json":{"title":"Organizativa - GSC","robots":{"index":"index","follow":"follow","max-snippet":"max-snippet:-1","max-image-preview":"max-image-preview:large","max-video-preview":"max-video-preview:-1"},"canonical":"https:\/\/www.gsccanarias.com\/gsc\/transparencia\/organizativa\/","og_locale":"es_ES","og_type":"article","og_title":"Organizativa - GSC","og_description":"[vc_row css_animation=\u00bb\u00bb row_type=\u00bbrow\u00bb use_row_as_full_screen_section=\u00bbno\u00bb type=\u00bbgrid\u00bb angled_section=\u00bbno\u00bb text_align=\u00bbleft\u00bb background_image_as_pattern=\u00bbwithout_pattern\u00bb z_index=\u00bb\u00bb css=\u00bb.vc_custom_1650438477412{background-color: #ede8e5 !important;}\u00bb el_id=\u00bbdatosBasicos\u00bb][vc_column width=\u00bb1\/3&#8243; offset=\u00bbvc_col-lg-3&#8243;][vc_empty_space height=\u00bb100px\u00bb][vc_column_text][\/vc_column_text][vc_empty_space height=\u00bb50px\u00bb][vc_widget_sidebar sidebar_id=\u00bbMenu transparencia\u00bb][\/vc_column][vc_column width=\u00bb2\/3&#8243; offset=\u00bbvc_col-lg-9&#8243;][vc_row_inner row_type=\u00bbrow\u00bb type=\u00bbfull_width\u00bb text_align=\u00bbleft\u00bb css_animation=\u00bb\u00bb][vc_column_inner offset=\u00bbvc_hidden-xs\u00bb][vc_empty_space height=\u00bb100px\u00bb][\/vc_column_inner][vc_column_inner offset=\u00bbvc_hidden-lg vc_hidden-md vc_hidden-sm\u00bb][vc_empty_space height=\u00bb50px\u00bb][\/vc_column_inner][\/vc_row_inner][vc_column_text] Datos b\u00e1sicos [\/vc_column_text][vc_empty_space height=\u00bb50px\u00bb][vc_column_text]Sociedad an\u00f3nima unipersonal. Fecha de constituci\u00f3n y modificaci\u00f3n: Constituci\u00f3n: 30 de...","og_url":"https:\/\/www.gsccanarias.com\/gsc\/transparencia\/organizativa\/","og_site_name":"GSC","article_modified_time":"2026-04-27T05:59:57+00:00","og_image":[{"url":"https:\/\/www.gsccanarias.com\/gsc\/wp-content\/uploads\/2022\/01\/icono_Organizativa.svg","type":"","width":"","height":""}],"twitter_card":"summary_large_image","twitter_misc":{"Tiempo de lectura":"21 minutos"},"schema":{"@context":"https:\/\/schema.org","@graph":[{"@type":"WebPage","@id":"https:\/\/www.gsccanarias.com\/gsc\/transparencia\/organizativa\/","url":"https:\/\/www.gsccanarias.com\/gsc\/transparencia\/organizativa\/","name":"Organizativa - GSC","isPartOf":{"@id":"https:\/\/www.gsccanarias.com\/gsc\/#website"},"primaryImageOfPage":{"@id":"https:\/\/www.gsccanarias.com\/gsc\/transparencia\/organizativa\/#primaryimage"},"image":{"@id":"https:\/\/www.gsccanarias.com\/gsc\/transparencia\/organizativa\/#primaryimage"},"thumbnailUrl":"https:\/\/www.gsccanarias.com\/gsc\/wp-content\/uploads\/2022\/01\/icono_Organizativa.svg","datePublished":"2024-03-15T13:21:53+00:00","dateModified":"2026-04-27T05:59:57+00:00","breadcrumb":{"@id":"https:\/\/www.gsccanarias.com\/gsc\/transparencia\/organizativa\/#breadcrumb"},"inLanguage":"es","potentialAction":[{"@type":"ReadAction","target":["https:\/\/www.gsccanarias.com\/gsc\/transparencia\/organizativa\/"]}]},{"@type":"ImageObject","inLanguage":"es","@id":"https:\/\/www.gsccanarias.com\/gsc\/transparencia\/organizativa\/#primaryimage","url":"https:\/\/www.gsccanarias.com\/gsc\/wp-content\/uploads\/2022\/01\/icono_Institucional.svg","contentUrl":"https:\/\/www.gsccanarias.com\/gsc\/wp-content\/uploads\/2022\/01\/icono_Institucional.svg"},{"@type":"BreadcrumbList","@id":"https:\/\/www.gsccanarias.com\/gsc\/transparencia\/organizativa\/#breadcrumb","itemListElement":[{"@type":"ListItem","position":1,"name":"Portada","item":"https:\/\/www.gsccanarias.com\/gsc\/"},{"@type":"ListItem","position":2,"name":"Transparencia","item":"https:\/\/www.gsccanarias.com\/gsc\/transparencia\/"},{"@type":"ListItem","position":3,"name":"Organizativa"}]},{"@type":"WebSite","@id":"https:\/\/www.gsccanarias.com\/gsc\/#website","url":"https:\/\/www.gsccanarias.com\/gsc\/","name":"GSC","description":"Administramos servicios relacionados con la salud, las emergencias, la seguridad y el transporte sanitario","potentialAction":[{"@type":"SearchAction","target":{"@type":"EntryPoint","urlTemplate":"https:\/\/www.gsccanarias.com\/gsc\/?s={search_term_string}"},"query-input":{"@type":"PropertyValueSpecification","valueRequired":true,"valueName":"search_term_string"}}],"inLanguage":"es"}]}},"publishpress_future_workflow_manual_trigger":{"enabledWorkflows":[]},"_links":{"self":[{"href":"https:\/\/www.gsccanarias.com\/gsc\/wp-json\/wp\/v2\/pages\/14673","targetHints":{"allow":["GET"]}}],"collection":[{"href":"https:\/\/www.gsccanarias.com\/gsc\/wp-json\/wp\/v2\/pages"}],"about":[{"href":"https:\/\/www.gsccanarias.com\/gsc\/wp-json\/wp\/v2\/types\/page"}],"author":[{"embeddable":true,"href":"https:\/\/www.gsccanarias.com\/gsc\/wp-json\/wp\/v2\/users\/7"}],"replies":[{"embeddable":true,"href":"https:\/\/www.gsccanarias.com\/gsc\/wp-json\/wp\/v2\/comments?post=14673"}],"version-history":[{"count":29,"href":"https:\/\/www.gsccanarias.com\/gsc\/wp-json\/wp\/v2\/pages\/14673\/revisions"}],"predecessor-version":[{"id":17061,"href":"https:\/\/www.gsccanarias.com\/gsc\/wp-json\/wp\/v2\/pages\/14673\/revisions\/17061"}],"up":[{"embeddable":true,"href":"https:\/\/www.gsccanarias.com\/gsc\/wp-json\/wp\/v2\/pages\/53"}],"wp:attachment":[{"href":"https:\/\/www.gsccanarias.com\/gsc\/wp-json\/wp\/v2\/media?parent=14673"}],"curies":[{"name":"wp","href":"https:\/\/api.w.org\/{rel}","templated":true}]}}