{"id":13997,"date":"2023-11-22T08:49:11","date_gmt":"2023-11-22T08:49:11","guid":{"rendered":"https:\/\/www.gsccanarias.com\/gsc\/?page_id=13997"},"modified":"2023-11-24T10:35:52","modified_gmt":"2023-11-24T10:35:52","slug":"curriculum-vitae-francisco-rodriguez-millan","status":"publish","type":"page","link":"https:\/\/www.gsccanarias.com\/gsc\/curriculum-vitae-francisco-rodriguez-millan\/","title":{"rendered":"Curriculum Vitae &#8211; Francisco Rodr\u00edguez Mill\u00e1n"},"content":{"rendered":"<p>[vc_row css_animation=\u00bb\u00bb row_type=\u00bbrow\u00bb use_row_as_full_screen_section=\u00bbno\u00bb type=\u00bbfull_width\u00bb angled_section=\u00bbno\u00bb text_align=\u00bbleft\u00bb background_image_as_pattern=\u00bbwithout_pattern\u00bb][vc_column][vc_empty_space height=\u00bb100px\u00bb][\/vc_column][\/vc_row][vc_row css_animation=\u00bb\u00bb row_type=\u00bbrow\u00bb use_row_as_full_screen_section=\u00bbno\u00bb type=\u00bbgrid\u00bb angled_section=\u00bbno\u00bb text_align=\u00bbleft\u00bb background_image_as_pattern=\u00bbwithout_pattern\u00bb z_index=\u00bb\u00bb][vc_column][vc_column_text][\/vc_column_text][vc_empty_space height=\u00bb50px\u00bb][vc_column_text]<strong>Francisco Rodr\u00edguez Mill\u00e1n<\/strong><\/p>\n<p><strong>Director de la Divisi\u00f3n Econ\u00f3mica, control y de Servicios Generales<\/strong><\/p>\n<p>Licenciado en Ciencias Econ\u00f3micas, especialidad Econom\u00eda P\u00fablica por la Universidad Aut\u00f3noma de Madrid. Estudios de doctorado en Econom\u00eda por el departamento de Econom\u00eda Aplicada de la Universidad de Las Palmas de Gran Canaria.<\/p>\n<p>M\u00e1ster de alta direcci\u00f3n de empresas sanitarias organizado por la Escuela de Alta Direcci\u00f3n (EADA). Auditor interno de calidad por el Lloyd \u00b4s Register.<\/p>\n<p>Ha desarrollado actividad docente e investigadora en el departamento de Econom\u00eda Aplicada de la Universidad de Las Palmas de Gran Canaria, realizando docencia en el \u00e1rea de an\u00e1lisis matem\u00e1tico y siendo autor de proyectos como La evaluaci\u00f3n econ\u00f3mica de la privatizaci\u00f3n, el caso del transporte p\u00fablico en Espa\u00f1a, An\u00e1lisis de los fondos p\u00fablicos invertidos en el transporte regular de viajeros en la Comunidad Aut\u00f3noma de Canarias, Elaboraci\u00f3n del Plan Regional de Transportes de la Consejer\u00eda de Pesca y Transportes del Gobierno de Canarias, Financiaci\u00f3n y organizaci\u00f3n del transporte regular de viajeros por carretera en Canarias y del Proyecto de investigaci\u00f3n \u201cGRAN CANARIA SIGLO XXI\u201d.<\/p>\n<p>Ha ejercido de director econ\u00f3mico de la empresa p\u00fablica Gesti\u00f3n de Servicios para la Salud y la Seguridad en Canarias (GSC) durante 15 a\u00f1os, por lo dispone de experiencia en el puesto. Y de forma temporal, en varias ocasiones ha sido nombrado gerente en funciones de GSC.<\/p>\n<p>En su carrera laboral realiz\u00f3 otras actividades profesionales como director general de Transportes en el Cabildo Insular de Gran Canaria durante 5 a\u00f1os, desarrollando al mismo tiempo su labor como Consejero del consorcio administrativo Autoridad \u00danica de Transporte de Gran Canaria y Consejero de la empresa p\u00fablica Ferrocarriles de Gran Canaria, S.A.<\/p>\n<p>Se le concede, junto con otros investigadores y bajo la direcci\u00f3n del Catedr\u00e1tico de Direcci\u00f3n Estrat\u00e9gica de la Universidad de Las Palmas de Gran Canaria, el galard\u00f3n de Econom\u00eda de los premios CANARIAS7 de 1998.[\/vc_column_text][\/vc_column][\/vc_row][vc_row css_animation=\u00bb\u00bb row_type=\u00bbrow\u00bb use_row_as_full_screen_section=\u00bbno\u00bb type=\u00bbfull_width\u00bb angled_section=\u00bbno\u00bb text_align=\u00bbleft\u00bb background_image_as_pattern=\u00bbwithout_pattern\u00bb][vc_column][vc_empty_space height=\u00bb100px\u00bb][\/vc_column][\/vc_row][vc_row css_animation=\u00bb\u00bb row_type=\u00bbrow\u00bb use_row_as_full_screen_section=\u00bbno\u00bb type=\u00bbfull_width\u00bb angled_section=\u00bbno\u00bb text_align=\u00bbleft\u00bb background_image_as_pattern=\u00bbwithout_pattern\u00bb][vc_column]<div class=\"call_to_action normal\" style=\"background-color: #dd9933;\"><div class=\"container_inner\"><div class=\"two_columns_75_25 clearfix\"><div class=\"text_wrapper column1\"><div class=\"call_to_action_text \" style=\"\"><span style=\"color: #000000;\">Curriculum <a href=\"https:\/\/www.gsccanarias.com\/gsc\/wp-content\/uploads\/2023\/11\/CV-Francisco-Rodriguez-Millan-1.odt\">(<\/a><a href=\"https:\/\/www.gsccanarias.com\/gsc\/wp-content\/uploads\/2023\/11\/CV-Francisco-Rodriguez-Millan.odt\" target=\"_blank\" rel=\"noopener\">open document<\/a><a href=\"https:\/\/www.gsccanarias.com\/gsc\/wp-content\/uploads\/2023\/11\/CV-Francisco-Rodriguez-Millan-1.odt\">)<\/a> &#8211;\u00a0 (<a href=\"https:\/\/www.gsccanarias.com\/gsc\/wp-content\/uploads\/2023\/11\/CV-Francisco-Rodriguez-Millan-2.pdf\" target=\"_blank\" rel=\"noopener\">pdf)<\/a><\/span><\/div><\/div><\/div><\/div><\/div>[\/vc_column][\/vc_row]<\/p>\n<div class=\"print\"><span class=\"page_title\">P\u00e1gina: <span>Curriculum Vitae &#8211; Francisco Rodr\u00edguez Mill\u00e1n<\/span><\/span>\n\t\t\t\t\t\t\t\t\t\t\t<span class=\"page_title\">Fecha de impresi\u00f3n: <span>30\/04\/2026 - 18:26:29 UTC<\/span><\/span>\n\t\t\t\t\t\t\t\t\t\t\t<span class=\"stmp_trans_date\">\u00daltima actualizaci\u00f3n: <span>24\/11\/2023 - 10:35:52<\/span><\/span>\n\t\t\t\t\t\t\t\t\t\t\t<span class=\"stmp_trans_date\">Fecha publicaci\u00f3n: <span>22\/11\/2023 - 08:49:11<\/span><\/span>\n\t\t\t\t\t\t\t\t\t\t\t<span class=\"stmp_trans_date\">Fecha creaci\u00f3n: <span>22\/11\/2023 - 08:49:11<\/span><\/span><\/div>\n\t","protected":false},"excerpt":{"rendered":"<p>[vc_row css_animation=\u00bb\u00bb row_type=\u00bbrow\u00bb use_row_as_full_screen_section=\u00bbno\u00bb type=\u00bbfull_width\u00bb angled_section=\u00bbno\u00bb text_align=\u00bbleft\u00bb background_image_as_pattern=\u00bbwithout_pattern\u00bb][vc_column][vc_empty_space height=\u00bb100px\u00bb][\/vc_column][\/vc_row][vc_row css_animation=\u00bb\u00bb row_type=\u00bbrow\u00bb use_row_as_full_screen_section=\u00bbno\u00bb type=\u00bbgrid\u00bb angled_section=\u00bbno\u00bb text_align=\u00bbleft\u00bb background_image_as_pattern=\u00bbwithout_pattern\u00bb z_index=\u00bb\u00bb][vc_column][vc_column_text][\/vc_column_text][vc_empty_space height=\u00bb50px\u00bb][vc_column_text]Francisco Rodr\u00edguez Mill\u00e1n Director de la Divisi\u00f3n Econ\u00f3mica, control y de Servicios Generales Licenciado en Ciencias Econ\u00f3micas, especialidad Econom\u00eda P\u00fablica por la Universidad Aut\u00f3noma de Madrid. Estudios de&#8230;<\/p>\n","protected":false},"author":5,"featured_media":0,"parent":0,"menu_order":0,"comment_status":"closed","ping_status":"closed","template":"full_width.php","meta":{"footnotes":""},"class_list":["post-13997","page","type-page","status-publish","has-post-thumbnail","hentry"],"a3_pvc":{"activated":false,"total_views":0,"today_views":0},"yoast_head":"<!-- This site is optimized with the Yoast SEO plugin v27.5 - https:\/\/yoast.com\/product\/yoast-seo-wordpress\/ -->\n<title>Curriculum Vitae - Francisco Rodr\u00edguez Mill\u00e1n - GSC<\/title>\n<meta name=\"robots\" content=\"index, follow, max-snippet:-1, max-image-preview:large, max-video-preview:-1\" \/>\n<link rel=\"canonical\" href=\"https:\/\/www.gsccanarias.com\/gsc\/curriculum-vitae-francisco-rodriguez-millan\/\" \/>\n<meta property=\"og:locale\" content=\"es_ES\" \/>\n<meta property=\"og:type\" content=\"article\" \/>\n<meta property=\"og:title\" content=\"Curriculum Vitae - Francisco Rodr\u00edguez Mill\u00e1n - GSC\" \/>\n<meta property=\"og:description\" content=\"[vc_row css_animation=\u00bb\u00bb row_type=\u00bbrow\u00bb use_row_as_full_screen_section=\u00bbno\u00bb type=\u00bbfull_width\u00bb angled_section=\u00bbno\u00bb text_align=\u00bbleft\u00bb background_image_as_pattern=\u00bbwithout_pattern\u00bb][vc_column][vc_empty_space height=\u00bb100px\u00bb][\/vc_column][\/vc_row][vc_row css_animation=\u00bb\u00bb row_type=\u00bbrow\u00bb use_row_as_full_screen_section=\u00bbno\u00bb type=\u00bbgrid\u00bb angled_section=\u00bbno\u00bb text_align=\u00bbleft\u00bb background_image_as_pattern=\u00bbwithout_pattern\u00bb z_index=\u00bb\u00bb][vc_column][vc_column_text][\/vc_column_text][vc_empty_space height=\u00bb50px\u00bb][vc_column_text]Francisco Rodr\u00edguez Mill\u00e1n Director de la Divisi\u00f3n Econ\u00f3mica, control y de Servicios Generales Licenciado en Ciencias Econ\u00f3micas, especialidad Econom\u00eda P\u00fablica por la Universidad Aut\u00f3noma de Madrid. Estudios de...\" \/>\n<meta property=\"og:url\" content=\"https:\/\/www.gsccanarias.com\/gsc\/curriculum-vitae-francisco-rodriguez-millan\/\" \/>\n<meta property=\"og:site_name\" content=\"GSC\" \/>\n<meta property=\"article:modified_time\" content=\"2023-11-24T10:35:52+00:00\" \/>\n<meta name=\"twitter:card\" content=\"summary_large_image\" \/>\n<meta name=\"twitter:label1\" content=\"Tiempo de lectura\" \/>\n\t<meta name=\"twitter:data1\" content=\"3 minutos\" \/>\n<script type=\"application\/ld+json\" class=\"yoast-schema-graph\">{\"@context\":\"https:\\\/\\\/schema.org\",\"@graph\":[{\"@type\":\"WebPage\",\"@id\":\"https:\\\/\\\/www.gsccanarias.com\\\/gsc\\\/curriculum-vitae-francisco-rodriguez-millan\\\/\",\"url\":\"https:\\\/\\\/www.gsccanarias.com\\\/gsc\\\/curriculum-vitae-francisco-rodriguez-millan\\\/\",\"name\":\"Curriculum Vitae - Francisco Rodr\u00edguez Mill\u00e1n - GSC\",\"isPartOf\":{\"@id\":\"https:\\\/\\\/www.gsccanarias.com\\\/gsc\\\/#website\"},\"datePublished\":\"2023-11-22T08:49:11+00:00\",\"dateModified\":\"2023-11-24T10:35:52+00:00\",\"breadcrumb\":{\"@id\":\"https:\\\/\\\/www.gsccanarias.com\\\/gsc\\\/curriculum-vitae-francisco-rodriguez-millan\\\/#breadcrumb\"},\"inLanguage\":\"es\",\"potentialAction\":[{\"@type\":\"ReadAction\",\"target\":[\"https:\\\/\\\/www.gsccanarias.com\\\/gsc\\\/curriculum-vitae-francisco-rodriguez-millan\\\/\"]}]},{\"@type\":\"BreadcrumbList\",\"@id\":\"https:\\\/\\\/www.gsccanarias.com\\\/gsc\\\/curriculum-vitae-francisco-rodriguez-millan\\\/#breadcrumb\",\"itemListElement\":[{\"@type\":\"ListItem\",\"position\":1,\"name\":\"Portada\",\"item\":\"https:\\\/\\\/www.gsccanarias.com\\\/gsc\\\/\"},{\"@type\":\"ListItem\",\"position\":2,\"name\":\"Curriculum Vitae &#8211; Francisco Rodr\u00edguez Mill\u00e1n\"}]},{\"@type\":\"WebSite\",\"@id\":\"https:\\\/\\\/www.gsccanarias.com\\\/gsc\\\/#website\",\"url\":\"https:\\\/\\\/www.gsccanarias.com\\\/gsc\\\/\",\"name\":\"GSC\",\"description\":\"Administramos servicios relacionados con la salud, las emergencias, la seguridad y el transporte sanitario\",\"potentialAction\":[{\"@type\":\"SearchAction\",\"target\":{\"@type\":\"EntryPoint\",\"urlTemplate\":\"https:\\\/\\\/www.gsccanarias.com\\\/gsc\\\/?s={search_term_string}\"},\"query-input\":{\"@type\":\"PropertyValueSpecification\",\"valueRequired\":true,\"valueName\":\"search_term_string\"}}],\"inLanguage\":\"es\"}]}<\/script>\n<!-- \/ Yoast SEO plugin. -->","yoast_head_json":{"title":"Curriculum Vitae - Francisco Rodr\u00edguez Mill\u00e1n - GSC","robots":{"index":"index","follow":"follow","max-snippet":"max-snippet:-1","max-image-preview":"max-image-preview:large","max-video-preview":"max-video-preview:-1"},"canonical":"https:\/\/www.gsccanarias.com\/gsc\/curriculum-vitae-francisco-rodriguez-millan\/","og_locale":"es_ES","og_type":"article","og_title":"Curriculum Vitae - Francisco Rodr\u00edguez Mill\u00e1n - GSC","og_description":"[vc_row css_animation=\u00bb\u00bb row_type=\u00bbrow\u00bb use_row_as_full_screen_section=\u00bbno\u00bb type=\u00bbfull_width\u00bb angled_section=\u00bbno\u00bb text_align=\u00bbleft\u00bb background_image_as_pattern=\u00bbwithout_pattern\u00bb][vc_column][vc_empty_space height=\u00bb100px\u00bb][\/vc_column][\/vc_row][vc_row css_animation=\u00bb\u00bb row_type=\u00bbrow\u00bb use_row_as_full_screen_section=\u00bbno\u00bb type=\u00bbgrid\u00bb angled_section=\u00bbno\u00bb text_align=\u00bbleft\u00bb background_image_as_pattern=\u00bbwithout_pattern\u00bb z_index=\u00bb\u00bb][vc_column][vc_column_text][\/vc_column_text][vc_empty_space height=\u00bb50px\u00bb][vc_column_text]Francisco Rodr\u00edguez Mill\u00e1n Director de la Divisi\u00f3n Econ\u00f3mica, control y de Servicios Generales Licenciado en Ciencias Econ\u00f3micas, especialidad Econom\u00eda P\u00fablica por la Universidad Aut\u00f3noma de Madrid. Estudios de...","og_url":"https:\/\/www.gsccanarias.com\/gsc\/curriculum-vitae-francisco-rodriguez-millan\/","og_site_name":"GSC","article_modified_time":"2023-11-24T10:35:52+00:00","twitter_card":"summary_large_image","twitter_misc":{"Tiempo de lectura":"3 minutos"},"schema":{"@context":"https:\/\/schema.org","@graph":[{"@type":"WebPage","@id":"https:\/\/www.gsccanarias.com\/gsc\/curriculum-vitae-francisco-rodriguez-millan\/","url":"https:\/\/www.gsccanarias.com\/gsc\/curriculum-vitae-francisco-rodriguez-millan\/","name":"Curriculum Vitae - Francisco Rodr\u00edguez Mill\u00e1n - GSC","isPartOf":{"@id":"https:\/\/www.gsccanarias.com\/gsc\/#website"},"datePublished":"2023-11-22T08:49:11+00:00","dateModified":"2023-11-24T10:35:52+00:00","breadcrumb":{"@id":"https:\/\/www.gsccanarias.com\/gsc\/curriculum-vitae-francisco-rodriguez-millan\/#breadcrumb"},"inLanguage":"es","potentialAction":[{"@type":"ReadAction","target":["https:\/\/www.gsccanarias.com\/gsc\/curriculum-vitae-francisco-rodriguez-millan\/"]}]},{"@type":"BreadcrumbList","@id":"https:\/\/www.gsccanarias.com\/gsc\/curriculum-vitae-francisco-rodriguez-millan\/#breadcrumb","itemListElement":[{"@type":"ListItem","position":1,"name":"Portada","item":"https:\/\/www.gsccanarias.com\/gsc\/"},{"@type":"ListItem","position":2,"name":"Curriculum Vitae &#8211; Francisco Rodr\u00edguez Mill\u00e1n"}]},{"@type":"WebSite","@id":"https:\/\/www.gsccanarias.com\/gsc\/#website","url":"https:\/\/www.gsccanarias.com\/gsc\/","name":"GSC","description":"Administramos servicios relacionados con la salud, las emergencias, la seguridad y el transporte sanitario","potentialAction":[{"@type":"SearchAction","target":{"@type":"EntryPoint","urlTemplate":"https:\/\/www.gsccanarias.com\/gsc\/?s={search_term_string}"},"query-input":{"@type":"PropertyValueSpecification","valueRequired":true,"valueName":"search_term_string"}}],"inLanguage":"es"}]}},"publishpress_future_workflow_manual_trigger":{"enabledWorkflows":[]},"_links":{"self":[{"href":"https:\/\/www.gsccanarias.com\/gsc\/wp-json\/wp\/v2\/pages\/13997","targetHints":{"allow":["GET"]}}],"collection":[{"href":"https:\/\/www.gsccanarias.com\/gsc\/wp-json\/wp\/v2\/pages"}],"about":[{"href":"https:\/\/www.gsccanarias.com\/gsc\/wp-json\/wp\/v2\/types\/page"}],"author":[{"embeddable":true,"href":"https:\/\/www.gsccanarias.com\/gsc\/wp-json\/wp\/v2\/users\/5"}],"replies":[{"embeddable":true,"href":"https:\/\/www.gsccanarias.com\/gsc\/wp-json\/wp\/v2\/comments?post=13997"}],"version-history":[{"count":8,"href":"https:\/\/www.gsccanarias.com\/gsc\/wp-json\/wp\/v2\/pages\/13997\/revisions"}],"predecessor-version":[{"id":14130,"href":"https:\/\/www.gsccanarias.com\/gsc\/wp-json\/wp\/v2\/pages\/13997\/revisions\/14130"}],"wp:attachment":[{"href":"https:\/\/www.gsccanarias.com\/gsc\/wp-json\/wp\/v2\/media?parent=13997"}],"curies":[{"name":"wp","href":"https:\/\/api.w.org\/{rel}","templated":true}]}}